{"id":417,"date":"2017-12-27T10:44:12","date_gmt":"2017-12-27T10:44:12","guid":{"rendered":"http:\/\/mieuxvivreamijoux.fr\/?page_id=417"},"modified":"2018-01-12T14:41:09","modified_gmt":"2018-01-12T14:41:09","slug":"les-lieux-2","status":"publish","type":"page","link":"http:\/\/mieuxvivreamijoux.fr\/?page_id=417","title":{"rendered":"Activit\u00e9s"},"content":{"rendered":"\t\t<div data-elementor-type=\"wp-page\" data-elementor-id=\"417\" class=\"elementor elementor-417 elementor-bc-flex-widget\">\n\t\t\t\t\t\t<section class=\"elementor-section elementor-top-section elementor-element elementor-element-8f62487 elementor-section-boxed elementor-section-height-default elementor-section-height-default\" data-id=\"8f62487\" data-element_type=\"section\">\n\t\t\t\t\t\t<div class=\"elementor-container elementor-column-gap-default\">\n\t\t\t\t\t<div class=\"elementor-column elementor-col-100 elementor-top-column elementor-element elementor-element-bdecbfe\" data-id=\"bdecbfe\" data-element_type=\"column\">\n\t\t\t<div class=\"elementor-widget-wrap elementor-element-populated\">\n\t\t\t\t\t\t<div class=\"elementor-element elementor-element-f98dc55 elementor-widget elementor-widget-accordion\" data-id=\"f98dc55\" data-element_type=\"widget\" data-widget_type=\"accordion.default\">\n\t\t\t\t<div class=\"elementor-widget-container\">\n\t\t\t\t\t\t\t<div class=\"elementor-accordion\">\n\t\t\t\t\t\t\t<div class=\"elementor-accordion-item\">\n\t\t\t\t\t<div id=\"elementor-tab-title-2611\" class=\"elementor-tab-title\" data-tab=\"1\" role=\"button\" aria-controls=\"elementor-tab-content-2611\" aria-expanded=\"false\">\n\t\t\t\t\t\t\t\t\t\t\t\t\t<span class=\"elementor-accordion-icon elementor-accordion-icon-right\" aria-hidden=\"true\">\n\t\t\t\t\t\t\t\t\t\t\t\t\t\t\t<span class=\"elementor-accordion-icon-closed\"><i class=\"fas fa-plus\"><\/i><\/span>\n\t\t\t\t\t\t\t\t<span class=\"elementor-accordion-icon-opened\"><i class=\"fas fa-minus\"><\/i><\/span>\n\t\t\t\t\t\t\t\t\t\t\t\t\t\t<\/span>\n\t\t\t\t\t\t\t\t\t\t\t\t<a class=\"elementor-accordion-title\" tabindex=\"0\">Le village de Mijoux<\/a>\n\t\t\t\t\t<\/div>\n\t\t\t\t\t<div id=\"elementor-tab-content-2611\" class=\"elementor-tab-content elementor-clearfix\" data-tab=\"1\" role=\"region\" aria-labelledby=\"elementor-tab-title-2611\"><center><span style=\"color: #000000;\">Vous pourrez voir des peintures de m\u00e9tiers d&rsquo;antan sur les maisons et commerces.<\/span><\/center><center><br \/> <img fetchpriority=\"high\" decoding=\"async\" class=\"alignnone size-medium wp-image-464\" src=\"http:\/\/mieuxvivreamijoux.fr\/wp-content\/uploads\/2017\/12\/Peintures-murales-300x167.jpg\" alt=\"\" width=\"300\" height=\"167\" srcset=\"http:\/\/mieuxvivreamijoux.fr\/wp-content\/uploads\/2017\/12\/Peintures-murales-300x167.jpg 300w, http:\/\/mieuxvivreamijoux.fr\/wp-content\/uploads\/2017\/12\/Peintures-murales.jpg 500w\" sizes=\"(max-width: 300px) 100vw, 300px\" \/><\/center><\/div>\n\t\t\t\t<\/div>\n\t\t\t\t\t\t\t<div class=\"elementor-accordion-item\">\n\t\t\t\t\t<div id=\"elementor-tab-title-2612\" class=\"elementor-tab-title\" data-tab=\"2\" role=\"button\" aria-controls=\"elementor-tab-content-2612\" aria-expanded=\"false\">\n\t\t\t\t\t\t\t\t\t\t\t\t\t<span class=\"elementor-accordion-icon elementor-accordion-icon-right\" aria-hidden=\"true\">\n\t\t\t\t\t\t\t\t\t\t\t\t\t\t\t<span class=\"elementor-accordion-icon-closed\"><i class=\"fas fa-plus\"><\/i><\/span>\n\t\t\t\t\t\t\t\t<span class=\"elementor-accordion-icon-opened\"><i class=\"fas fa-minus\"><\/i><\/span>\n\t\t\t\t\t\t\t\t\t\t\t\t\t\t<\/span>\n\t\t\t\t\t\t\t\t\t\t\t\t<a class=\"elementor-accordion-title\" tabindex=\"0\">Col de la Faucille<\/a>\n\t\t\t\t\t<\/div>\n\t\t\t\t\t<div id=\"elementor-tab-content-2612\" class=\"elementor-tab-content elementor-clearfix\" data-tab=\"2\" role=\"region\" aria-labelledby=\"elementor-tab-title-2612\"><center><span style=\"color: #000000;\">Col de montagne culminant \u00e0 plus de 1300 m d&rsquo;altitude qui est situ\u00e9 \u00e0 une dizaine de km de Mijoux.<\/span><\/center><center><br \/> <img decoding=\"async\" class=\"alignnone size-medium wp-image-237\" src=\"http:\/\/mieuxvivreamijoux.fr\/wp-content\/uploads\/2017\/12\/col_de_la_faucille-1-300x98.jpg\" alt=\"\" width=\"400\" height=\"98\" \/><\/center><\/div>\n\t\t\t\t<\/div>\n\t\t\t\t\t\t\t<div class=\"elementor-accordion-item\">\n\t\t\t\t\t<div id=\"elementor-tab-title-2613\" class=\"elementor-tab-title\" data-tab=\"3\" role=\"button\" aria-controls=\"elementor-tab-content-2613\" aria-expanded=\"false\">\n\t\t\t\t\t\t\t\t\t\t\t\t\t<span class=\"elementor-accordion-icon elementor-accordion-icon-right\" aria-hidden=\"true\">\n\t\t\t\t\t\t\t\t\t\t\t\t\t\t\t<span class=\"elementor-accordion-icon-closed\"><i class=\"fas fa-plus\"><\/i><\/span>\n\t\t\t\t\t\t\t\t<span class=\"elementor-accordion-icon-opened\"><i class=\"fas fa-minus\"><\/i><\/span>\n\t\t\t\t\t\t\t\t\t\t\t\t\t\t<\/span>\n\t\t\t\t\t\t\t\t\t\t\t\t<a class=\"elementor-accordion-title\" tabindex=\"0\">Stations de ski<\/a>\n\t\t\t\t\t<\/div>\n\t\t\t\t\t<div id=\"elementor-tab-content-2613\" class=\"elementor-tab-content elementor-clearfix\" data-tab=\"3\" role=\"region\" aria-labelledby=\"elementor-tab-title-2613\"><p><!--Station des Rousses--><br \/> <b><\/b><\/p><center><span style=\"color: #000000;\">LES ROUSSES<\/span><\/center><center><a href=\"https:\/\/www.lesrousses.com\/\" target=\"_blank\" rel=\"noopener\">\u00a0<img decoding=\"async\" class=\"size-medium wp-image-439\" style=\"border: solid 5px #000000;\" src=\"http:\/\/mieuxvivreamijoux.fr\/wp-content\/uploads\/2017\/12\/Les-Rousses-300x200.jpg\" alt=\"\" width=\"300\" height=\"200\" srcset=\"http:\/\/mieuxvivreamijoux.fr\/wp-content\/uploads\/2017\/12\/Les-Rousses-300x200.jpg 300w, http:\/\/mieuxvivreamijoux.fr\/wp-content\/uploads\/2017\/12\/Les-Rousses-768x512.jpg 768w, http:\/\/mieuxvivreamijoux.fr\/wp-content\/uploads\/2017\/12\/Les-Rousses.jpg 800w\" sizes=\"(max-width: 300px) 100vw, 300px\" \/><\/a><\/center><p><!--Station de la Faucille--><\/p><center><span style=\"color: #000000;\">LA FAUCILLE<\/span><\/center><center><a href=\"http:\/\/www.monts-jura.com\/fr\/la-station-hiver\/site-de-mijoux-la-faucille.html\" target=\"_blank\" rel=\"noopener\">\u00a0<strong><img loading=\"lazy\" decoding=\"async\" class=\"alignnone size-medium wp-image-447\" style=\"border: solid 5px #000000;\" src=\"http:\/\/mieuxvivreamijoux.fr\/wp-content\/uploads\/2017\/12\/La-Faucille-300x169.jpg\" alt=\"\" width=\"300\" height=\"169\" srcset=\"http:\/\/mieuxvivreamijoux.fr\/wp-content\/uploads\/2017\/12\/La-Faucille-300x169.jpg 300w, http:\/\/mieuxvivreamijoux.fr\/wp-content\/uploads\/2017\/12\/La-Faucille.jpg 640w\" sizes=\"(max-width: 300px) 100vw, 300px\" \/><\/strong><\/a><br \/> <!--Station de L\u00e9lex--><br \/><center><span style=\"color: #000000;\">SITE DE L\u00c9LEX &#8211; CROZET<\/span><\/center><\/center><center><a href=\"http:\/\/www.monts-jura.com\/fr\/la-station-hiver\/site-delelex-crozet.html\" target=\"_blank\" rel=\"noopener\">\u00a0<strong><img loading=\"lazy\" decoding=\"async\" class=\"alignnone size-medium wp-image-452\" style=\"border: solid 5px #000000;\" src=\"http:\/\/mieuxvivreamijoux.fr\/wp-content\/uploads\/2017\/12\/pistes-lelex-300x200.jpg\" alt=\"\" width=\"300\" height=\"200\" srcset=\"http:\/\/mieuxvivreamijoux.fr\/wp-content\/uploads\/2017\/12\/pistes-lelex-300x200.jpg 300w, http:\/\/mieuxvivreamijoux.fr\/wp-content\/uploads\/2017\/12\/pistes-lelex.jpg 640w\" sizes=\"(max-width: 300px) 100vw, 300px\" \/><\/strong><\/a><\/center><\/div>\n\t\t\t\t<\/div>\n\t\t\t\t\t\t\t<div class=\"elementor-accordion-item\">\n\t\t\t\t\t<div id=\"elementor-tab-title-2614\" class=\"elementor-tab-title\" data-tab=\"4\" role=\"button\" aria-controls=\"elementor-tab-content-2614\" aria-expanded=\"false\">\n\t\t\t\t\t\t\t\t\t\t\t\t\t<span class=\"elementor-accordion-icon elementor-accordion-icon-right\" aria-hidden=\"true\">\n\t\t\t\t\t\t\t\t\t\t\t\t\t\t\t<span class=\"elementor-accordion-icon-closed\"><i class=\"fas fa-plus\"><\/i><\/span>\n\t\t\t\t\t\t\t\t<span class=\"elementor-accordion-icon-opened\"><i class=\"fas fa-minus\"><\/i><\/span>\n\t\t\t\t\t\t\t\t\t\t\t\t\t\t<\/span>\n\t\t\t\t\t\t\t\t\t\t\t\t<a class=\"elementor-accordion-title\" tabindex=\"0\">Remont\u00e9es m\u00e9caniques<\/a>\n\t\t\t\t\t<\/div>\n\t\t\t\t\t<div id=\"elementor-tab-content-2614\" class=\"elementor-tab-content elementor-clearfix\" data-tab=\"4\" role=\"region\" aria-labelledby=\"elementor-tab-title-2614\"><center><span style=\"color: #000000;\">Vous pouvez acc\u00e9dez \u00e0 plusieurs remont\u00e9es pr\u00e8s du village de Mijoux:<\/span><\/center><center><\/center><center><a href=\"https:\/\/www.remontees-mecaniques.net\/bdd\/station-mijoux-la-faucille-578.html\" target=\"_blank\" rel=\"noopener\"><img loading=\"lazy\" decoding=\"async\" class=\"size-medium wp-image-439\" style=\"border: solid 5px #000000;\" src=\"http:\/\/mieuxvivreamijoux.fr\/wp-content\/uploads\/2018\/01\/Remont\u00e9e-m\u00e9canique.jpg\" alt=\"\" width=\"300\" height=\"200\" \/><\/a><\/center><p><!--Station de la Faucille--><\/p><\/div>\n\t\t\t\t<\/div>\n\t\t\t\t\t\t\t<div class=\"elementor-accordion-item\">\n\t\t\t\t\t<div id=\"elementor-tab-title-2615\" class=\"elementor-tab-title\" data-tab=\"5\" role=\"button\" aria-controls=\"elementor-tab-content-2615\" aria-expanded=\"false\">\n\t\t\t\t\t\t\t\t\t\t\t\t\t<span class=\"elementor-accordion-icon elementor-accordion-icon-right\" aria-hidden=\"true\">\n\t\t\t\t\t\t\t\t\t\t\t\t\t\t\t<span class=\"elementor-accordion-icon-closed\"><i class=\"fas fa-plus\"><\/i><\/span>\n\t\t\t\t\t\t\t\t<span class=\"elementor-accordion-icon-opened\"><i class=\"fas fa-minus\"><\/i><\/span>\n\t\t\t\t\t\t\t\t\t\t\t\t\t\t<\/span>\n\t\t\t\t\t\t\t\t\t\t\t\t<a class=\"elementor-accordion-title\" tabindex=\"0\">Mus\u00e9e de la Pierre<\/a>\n\t\t\t\t\t<\/div>\n\t\t\t\t\t<div id=\"elementor-tab-content-2615\" class=\"elementor-tab-content elementor-clearfix\" data-tab=\"5\" role=\"region\" aria-labelledby=\"elementor-tab-title-2615\"><center><span style=\"color: #000000;\">Situ\u00e9 dans la commune de Mijoux, vous pouvez d\u00e9couvrir des d\u00e9monstrations du m\u00e9tier de Taillandier.<\/span><br\/><\/center><center><\/center><center><img loading=\"lazy\" decoding=\"async\" class=\"alignnone size-medium wp-image-423\" src=\"http:\/\/mieuxvivreamijoux.fr\/wp-content\/uploads\/2017\/12\/Mus\u00e9e-300x197.jpg\" alt=\"\" width=\"400\" height=\"197\" \/><\/center><\/div>\n\t\t\t\t<\/div>\n\t\t\t\t\t\t\t<div class=\"elementor-accordion-item\">\n\t\t\t\t\t<div id=\"elementor-tab-title-2616\" class=\"elementor-tab-title\" data-tab=\"6\" role=\"button\" aria-controls=\"elementor-tab-content-2616\" aria-expanded=\"false\">\n\t\t\t\t\t\t\t\t\t\t\t\t\t<span class=\"elementor-accordion-icon elementor-accordion-icon-right\" aria-hidden=\"true\">\n\t\t\t\t\t\t\t\t\t\t\t\t\t\t\t<span class=\"elementor-accordion-icon-closed\"><i class=\"fas fa-plus\"><\/i><\/span>\n\t\t\t\t\t\t\t\t<span class=\"elementor-accordion-icon-opened\"><i class=\"fas fa-minus\"><\/i><\/span>\n\t\t\t\t\t\t\t\t\t\t\t\t\t\t<\/span>\n\t\t\t\t\t\t\t\t\t\t\t\t<a class=\"elementor-accordion-title\" tabindex=\"0\">Pont Charlemagne sur la Valserine<\/a>\n\t\t\t\t\t<\/div>\n\t\t\t\t\t<div id=\"elementor-tab-content-2616\" class=\"elementor-tab-content elementor-clearfix\" data-tab=\"6\" role=\"region\" aria-labelledby=\"elementor-tab-title-2616\"><center><span style=\"color: #000000;\">Tr\u00e8s joli pont dans le village de Mijoux permettant la travers\u00e9e de la Valserine.<\/span><\/center><center><\/center><center><\/center><center><img loading=\"lazy\" decoding=\"async\" class=\"alignnone size-medium wp-image-419\" src=\"http:\/\/mieuxvivreamijoux.fr\/wp-content\/uploads\/2017\/12\/Pont_Charlemagne-300x200.jpg\" alt=\"\" width=\"300\" height=\"200\" srcset=\"http:\/\/mieuxvivreamijoux.fr\/wp-content\/uploads\/2017\/12\/Pont_Charlemagne-300x200.jpg 300w, http:\/\/mieuxvivreamijoux.fr\/wp-content\/uploads\/2017\/12\/Pont_Charlemagne-768x512.jpg 768w, http:\/\/mieuxvivreamijoux.fr\/wp-content\/uploads\/2017\/12\/Pont_Charlemagne.jpg 1024w\" sizes=\"(max-width: 300px) 100vw, 300px\" \/><\/center><\/div>\n\t\t\t\t<\/div>\n\t\t\t\t\t\t\t\t<\/div>\n\t\t\t\t\t\t<\/div>\n\t\t\t\t<\/div>\n\t\t\t\t\t<\/div>\n\t\t<\/div>\n\t\t\t\t\t<\/div>\n\t\t<\/section>\n\t\t\t\t<\/div>\n\t\t","protected":false},"excerpt":{"rendered":"<p>Le village de Mijoux Vous pourrez voir des peintures de m\u00e9tiers d&rsquo;antan sur les maisons et commerces. Col de la Faucille Col de&#8230;<\/p>\n","protected":false},"author":1,"featured_media":0,"parent":0,"menu_order":0,"comment_status":"closed","ping_status":"closed","template":"","meta":{"footnotes":""},"class_list":["post-417","page","type-page","status-publish","hentry"],"yoast_head":"<!-- This site is optimized with the Yoast SEO plugin v20.5 - https:\/\/yoast.com\/wordpress\/plugins\/seo\/ -->\n<title>Maison familiale de Saint Marcel \u00e0 Mijoux (le Bief Bruyant)<\/title>\n<meta name=\"robots\" content=\"index, follow, max-snippet:-1, max-image-preview:large, max-video-preview:-1\" \/>\n<link rel=\"canonical\" href=\"http:\/\/mieuxvivreamijoux.fr\/?page_id=417\" \/>\n<meta property=\"og:locale\" content=\"fr_FR\" \/>\n<meta property=\"og:type\" content=\"article\" \/>\n<meta property=\"og:title\" content=\"Maison familiale de Saint Marcel \u00e0 Mijoux (le Bief Bruyant)\" \/>\n<meta property=\"og:description\" content=\"Le village de Mijoux Vous pourrez voir des peintures de m\u00e9tiers d&rsquo;antan sur les maisons et commerces. Col de la Faucille Col de...\" \/>\n<meta property=\"og:url\" content=\"http:\/\/mieuxvivreamijoux.fr\/?page_id=417\" \/>\n<meta property=\"og:site_name\" content=\"Maison Familiale de Saint Marcel\" \/>\n<meta property=\"article:publisher\" content=\"https:\/\/www.facebook.com\/sejoursgestionlibrefamillesgroupes\/?fref=ts\" \/>\n<meta property=\"article:modified_time\" content=\"2018-01-12T14:41:09+00:00\" \/>\n<meta property=\"og:image\" content=\"http:\/\/mieuxvivreamijoux.fr\/wp-content\/uploads\/2017\/12\/Peintures-murales-300x167.jpg\" \/>\n<meta name=\"twitter:card\" content=\"summary_large_image\" \/>\n<meta name=\"twitter:label1\" content=\"Dur\u00e9e de lecture estim\u00e9e\" \/>\n\t<meta name=\"twitter:data1\" content=\"1 minute\" \/>\n<script type=\"application\/ld+json\" class=\"yoast-schema-graph\">{\"@context\":\"https:\/\/schema.org\",\"@graph\":[{\"@type\":\"WebPage\",\"@id\":\"http:\/\/mieuxvivreamijoux.fr\/?page_id=417\",\"url\":\"http:\/\/mieuxvivreamijoux.fr\/?page_id=417\",\"name\":\"Maison familiale de Saint Marcel \u00e0 Mijoux (le Bief Bruyant)\",\"isPartOf\":{\"@id\":\"http:\/\/mieuxvivreamijoux.fr\/#website\"},\"datePublished\":\"2017-12-27T10:44:12+00:00\",\"dateModified\":\"2018-01-12T14:41:09+00:00\",\"breadcrumb\":{\"@id\":\"http:\/\/mieuxvivreamijoux.fr\/?page_id=417#breadcrumb\"},\"inLanguage\":\"fr-FR\",\"potentialAction\":[{\"@type\":\"ReadAction\",\"target\":[\"http:\/\/mieuxvivreamijoux.fr\/?page_id=417\"]}]},{\"@type\":\"BreadcrumbList\",\"@id\":\"http:\/\/mieuxvivreamijoux.fr\/?page_id=417#breadcrumb\",\"itemListElement\":[{\"@type\":\"ListItem\",\"position\":1,\"name\":\"Accueil\",\"item\":\"http:\/\/mieuxvivreamijoux.fr\/\"},{\"@type\":\"ListItem\",\"position\":2,\"name\":\"Activit\u00e9s\"}]},{\"@type\":\"WebSite\",\"@id\":\"http:\/\/mieuxvivreamijoux.fr\/#website\",\"url\":\"http:\/\/mieuxvivreamijoux.fr\/\",\"name\":\"Maison Familiale de Saint Marcel\",\"description\":\"1120 Route de la Vall\u00e9e &quot;Le Bief Bruyant&quot; \u00e0 Mijoux 01410\",\"publisher\":{\"@id\":\"http:\/\/mieuxvivreamijoux.fr\/#organization\"},\"potentialAction\":[{\"@type\":\"SearchAction\",\"target\":{\"@type\":\"EntryPoint\",\"urlTemplate\":\"http:\/\/mieuxvivreamijoux.fr\/?s={search_term_string}\"},\"query-input\":\"required name=search_term_string\"}],\"inLanguage\":\"fr-FR\"},{\"@type\":\"Organization\",\"@id\":\"http:\/\/mieuxvivreamijoux.fr\/#organization\",\"name\":\"Mieux Vivre\",\"url\":\"http:\/\/mieuxvivreamijoux.fr\/\",\"logo\":{\"@type\":\"ImageObject\",\"inLanguage\":\"fr-FR\",\"@id\":\"http:\/\/mieuxvivreamijoux.fr\/#\/schema\/logo\/image\/\",\"url\":\"http:\/\/mieuxvivreamijoux.fr\/wp-content\/uploads\/2018\/01\/LOGO.png\",\"contentUrl\":\"http:\/\/mieuxvivreamijoux.fr\/wp-content\/uploads\/2018\/01\/LOGO.png\",\"width\":769,\"height\":779,\"caption\":\"Mieux Vivre\"},\"image\":{\"@id\":\"http:\/\/mieuxvivreamijoux.fr\/#\/schema\/logo\/image\/\"},\"sameAs\":[\"https:\/\/www.facebook.com\/sejoursgestionlibrefamillesgroupes\/?fref=ts\"]}]}<\/script>\n<!-- \/ Yoast SEO plugin. -->","yoast_head_json":{"title":"Maison familiale de Saint Marcel \u00e0 Mijoux (le Bief Bruyant)","robots":{"index":"index","follow":"follow","max-snippet":"max-snippet:-1","max-image-preview":"max-image-preview:large","max-video-preview":"max-video-preview:-1"},"canonical":"http:\/\/mieuxvivreamijoux.fr\/?page_id=417","og_locale":"fr_FR","og_type":"article","og_title":"Maison familiale de Saint Marcel \u00e0 Mijoux (le Bief Bruyant)","og_description":"Le village de Mijoux Vous pourrez voir des peintures de m\u00e9tiers d&rsquo;antan sur les maisons et commerces. Col de la Faucille Col de...","og_url":"http:\/\/mieuxvivreamijoux.fr\/?page_id=417","og_site_name":"Maison Familiale de Saint Marcel","article_publisher":"https:\/\/www.facebook.com\/sejoursgestionlibrefamillesgroupes\/?fref=ts","article_modified_time":"2018-01-12T14:41:09+00:00","og_image":[{"url":"http:\/\/mieuxvivreamijoux.fr\/wp-content\/uploads\/2017\/12\/Peintures-murales-300x167.jpg"}],"twitter_card":"summary_large_image","twitter_misc":{"Dur\u00e9e de lecture estim\u00e9e":"1 minute"},"schema":{"@context":"https:\/\/schema.org","@graph":[{"@type":"WebPage","@id":"http:\/\/mieuxvivreamijoux.fr\/?page_id=417","url":"http:\/\/mieuxvivreamijoux.fr\/?page_id=417","name":"Maison familiale de Saint Marcel \u00e0 Mijoux (le Bief Bruyant)","isPartOf":{"@id":"http:\/\/mieuxvivreamijoux.fr\/#website"},"datePublished":"2017-12-27T10:44:12+00:00","dateModified":"2018-01-12T14:41:09+00:00","breadcrumb":{"@id":"http:\/\/mieuxvivreamijoux.fr\/?page_id=417#breadcrumb"},"inLanguage":"fr-FR","potentialAction":[{"@type":"ReadAction","target":["http:\/\/mieuxvivreamijoux.fr\/?page_id=417"]}]},{"@type":"BreadcrumbList","@id":"http:\/\/mieuxvivreamijoux.fr\/?page_id=417#breadcrumb","itemListElement":[{"@type":"ListItem","position":1,"name":"Accueil","item":"http:\/\/mieuxvivreamijoux.fr\/"},{"@type":"ListItem","position":2,"name":"Activit\u00e9s"}]},{"@type":"WebSite","@id":"http:\/\/mieuxvivreamijoux.fr\/#website","url":"http:\/\/mieuxvivreamijoux.fr\/","name":"Maison Familiale de Saint Marcel","description":"1120 Route de la Vall\u00e9e &quot;Le Bief Bruyant&quot; \u00e0 Mijoux 01410","publisher":{"@id":"http:\/\/mieuxvivreamijoux.fr\/#organization"},"potentialAction":[{"@type":"SearchAction","target":{"@type":"EntryPoint","urlTemplate":"http:\/\/mieuxvivreamijoux.fr\/?s={search_term_string}"},"query-input":"required name=search_term_string"}],"inLanguage":"fr-FR"},{"@type":"Organization","@id":"http:\/\/mieuxvivreamijoux.fr\/#organization","name":"Mieux Vivre","url":"http:\/\/mieuxvivreamijoux.fr\/","logo":{"@type":"ImageObject","inLanguage":"fr-FR","@id":"http:\/\/mieuxvivreamijoux.fr\/#\/schema\/logo\/image\/","url":"http:\/\/mieuxvivreamijoux.fr\/wp-content\/uploads\/2018\/01\/LOGO.png","contentUrl":"http:\/\/mieuxvivreamijoux.fr\/wp-content\/uploads\/2018\/01\/LOGO.png","width":769,"height":779,"caption":"Mieux Vivre"},"image":{"@id":"http:\/\/mieuxvivreamijoux.fr\/#\/schema\/logo\/image\/"},"sameAs":["https:\/\/www.facebook.com\/sejoursgestionlibrefamillesgroupes\/?fref=ts"]}]}},"_links":{"self":[{"href":"http:\/\/mieuxvivreamijoux.fr\/index.php?rest_route=\/wp\/v2\/pages\/417","targetHints":{"allow":["GET"]}}],"collection":[{"href":"http:\/\/mieuxvivreamijoux.fr\/index.php?rest_route=\/wp\/v2\/pages"}],"about":[{"href":"http:\/\/mieuxvivreamijoux.fr\/index.php?rest_route=\/wp\/v2\/types\/page"}],"author":[{"embeddable":true,"href":"http:\/\/mieuxvivreamijoux.fr\/index.php?rest_route=\/wp\/v2\/users\/1"}],"replies":[{"embeddable":true,"href":"http:\/\/mieuxvivreamijoux.fr\/index.php?rest_route=%2Fwp%2Fv2%2Fcomments&post=417"}],"version-history":[{"count":78,"href":"http:\/\/mieuxvivreamijoux.fr\/index.php?rest_route=\/wp\/v2\/pages\/417\/revisions"}],"predecessor-version":[{"id":800,"href":"http:\/\/mieuxvivreamijoux.fr\/index.php?rest_route=\/wp\/v2\/pages\/417\/revisions\/800"}],"wp:attachment":[{"href":"http:\/\/mieuxvivreamijoux.fr\/index.php?rest_route=%2Fwp%2Fv2%2Fmedia&parent=417"}],"curies":[{"name":"wp","href":"https:\/\/api.w.org\/{rel}","templated":true}]}}